{"id":229,"date":"2025-09-27T15:26:35","date_gmt":"2025-09-27T15:26:35","guid":{"rendered":"https:\/\/corpoeducacion.org.co\/pensar\/?page_id=229"},"modified":"2025-09-27T15:36:15","modified_gmt":"2025-09-27T15:36:15","slug":"actualidad","status":"publish","type":"page","link":"https:\/\/corpoeducacion.org.co\/pensar\/actualidad\/","title":{"rendered":"Actualidad"},"content":{"rendered":"\t\t<div data-elementor-type=\"wp-page\" data-elementor-id=\"229\" class=\"elementor elementor-229\" data-elementor-post-type=\"page\">\n\t\t\t\t<div class=\"elementor-element elementor-element-f43e240 e-flex e-con-boxed e-con e-parent\" data-id=\"f43e240\" data-element_type=\"container\" data-e-type=\"container\" data-settings=\"{&quot;background_background&quot;:&quot;classic&quot;,&quot;jet_parallax_layout_list&quot;:[]}\">\n\t\t\t\t\t<div class=\"e-con-inner\">\n\t\t\t\t<div class=\"elementor-element elementor-element-c437d19 elementor-widget elementor-widget-heading\" data-id=\"c437d19\" data-element_type=\"widget\" data-e-type=\"widget\" data-widget_type=\"heading.default\">\n\t\t\t\t\t<h2 class=\"elementor-heading-title elementor-size-default\">Actualidad<\/h2>\t\t\t\t<\/div>\n\t\t\t\t\t<\/div>\n\t\t\t\t<\/div>\n\t\t<div class=\"elementor-element elementor-element-55ac5a9 e-flex e-con-boxed e-con e-parent\" data-id=\"55ac5a9\" data-element_type=\"container\" data-e-type=\"container\" data-settings=\"{&quot;jet_parallax_layout_list&quot;:[]}\">\n\t\t\t\t\t<div class=\"e-con-inner\">\n\t\t\t\t<div class=\"elementor-element elementor-element-34eb425 elementor-posts--thumbnail-none elementor-grid-3 elementor-grid-tablet-2 elementor-grid-mobile-1 elementor-card-shadow-yes elementor-posts__hover-gradient elementor-widget elementor-widget-posts\" data-id=\"34eb425\" data-element_type=\"widget\" data-e-type=\"widget\" data-settings=\"{&quot;cards_row_gap&quot;:{&quot;unit&quot;:&quot;px&quot;,&quot;size&quot;:40,&quot;sizes&quot;:[]},&quot;pagination_type&quot;:&quot;load_more_infinite_scroll&quot;,&quot;cards_columns&quot;:&quot;3&quot;,&quot;cards_columns_tablet&quot;:&quot;2&quot;,&quot;cards_columns_mobile&quot;:&quot;1&quot;,&quot;cards_row_gap_tablet&quot;:{&quot;unit&quot;:&quot;px&quot;,&quot;size&quot;:&quot;&quot;,&quot;sizes&quot;:[]},&quot;cards_row_gap_mobile&quot;:{&quot;unit&quot;:&quot;px&quot;,&quot;size&quot;:&quot;&quot;,&quot;sizes&quot;:[]},&quot;load_more_spinner&quot;:{&quot;value&quot;:&quot;fas fa-spinner&quot;,&quot;library&quot;:&quot;fa-solid&quot;}}\" data-widget_type=\"posts.cards\">\n\t\t\t\t<div class=\"elementor-widget-container\">\n\t\t\t\t\t\t\t<div class=\"elementor-posts-container elementor-posts elementor-posts--skin-cards elementor-grid\" role=\"list\">\n\t\t\t\t<article class=\"elementor-post elementor-grid-item post-625 post type-post status-publish format-standard hentry category-uncategorized\" role=\"listitem\">\n\t\t\t<div class=\"elementor-post__card\">\n\t\t\t\t<div class=\"elementor-post__text\">\n\t\t\t\t<h2 class=\"elementor-post__title\">\n\t\t\t<a href=\"https:\/\/corpoeducacion.org.co\/pensar\/uncategorized\/modelo-pedagogico-pensar-2\/\" >\n\t\t\t\tMODELO PEDAG\u00d3GICO PENSAR\u00ae\t\t\t<\/a>\n\t\t<\/h2>\n\t\t\t\t<div class=\"elementor-post__excerpt\">\n\t\t\t<p>Invitamos a docentes, estudiantes, investigadores y dem\u00e1s personas interesadas en los modelos educativos flexibles a visitar la p\u00e1gina de nuestro Modelo Pedag\u00f3gico Pensar\u00ae\u00a0-para estudiantes en<\/p>\n\t\t<\/div>\n\t\t\n\t\t<a class=\"elementor-post__read-more\" href=\"https:\/\/corpoeducacion.org.co\/pensar\/uncategorized\/modelo-pedagogico-pensar-2\/\" aria-label=\"Read more about MODELO PEDAG\u00d3GICO PENSAR\u00ae\" tabindex=\"-1\" >\n\t\t\tLeer m\u00e1s \u00bb\t\t<\/a>\n\n\t\t\t\t<\/div>\n\t\t\t\t\t<\/div>\n\t\t<\/article>\n\t\t\t\t<article class=\"elementor-post elementor-grid-item post-622 post type-post status-publish format-standard has-post-thumbnail hentry category-uncategorized\" role=\"listitem\">\n\t\t\t<div class=\"elementor-post__card\">\n\t\t\t\t<div class=\"elementor-post__text\">\n\t\t\t\t<h2 class=\"elementor-post__title\">\n\t\t\t<a href=\"https:\/\/corpoeducacion.org.co\/pensar\/uncategorized\/iniciamos-un-nuevo-proceso-de-fortalecimiento-de-proyectos-transversales-y-de-implementacion-del-modelo-pedagogico-pensar\/\" >\n\t\t\t\tINICIAMOS UN NUEVO PROCESO DE FORTALECIMIENTO DE PROYECTOS TRANSVERSALES Y DE IMPLEMENTACI\u00d3N DEL MODELO PEDAG\u00d3GICO PENSAR\u00ae\t\t\t<\/a>\n\t\t<\/h2>\n\t\t\t\t<div class=\"elementor-post__excerpt\">\n\t\t\t<p>Corpoeducaci\u00f3n y Ecopetrol crean una nueva alianza estrat\u00e9gica para contribuir al mejoramiento de la calidad educativa y la retenci\u00f3n escolar por medio del desarrollo del<\/p>\n\t\t<\/div>\n\t\t\n\t\t<a class=\"elementor-post__read-more\" href=\"https:\/\/corpoeducacion.org.co\/pensar\/uncategorized\/iniciamos-un-nuevo-proceso-de-fortalecimiento-de-proyectos-transversales-y-de-implementacion-del-modelo-pedagogico-pensar\/\" aria-label=\"Read more about INICIAMOS UN NUEVO PROCESO DE FORTALECIMIENTO DE PROYECTOS TRANSVERSALES Y DE IMPLEMENTACI\u00d3N DEL MODELO PEDAG\u00d3GICO PENSAR\u00ae\" tabindex=\"-1\" >\n\t\t\tLeer m\u00e1s \u00bb\t\t<\/a>\n\n\t\t\t\t<\/div>\n\t\t\t\t\t<\/div>\n\t\t<\/article>\n\t\t\t\t<article class=\"elementor-post elementor-grid-item post-615 post type-post status-publish format-standard hentry category-uncategorized\" role=\"listitem\">\n\t\t\t<div class=\"elementor-post__card\">\n\t\t\t\t<div class=\"elementor-post__text\">\n\t\t\t\t<h2 class=\"elementor-post__title\">\n\t\t\t<a href=\"https:\/\/corpoeducacion.org.co\/pensar\/uncategorized\/modelo-pedagogico-pensar\/\" >\n\t\t\t\tMODELO PEDAG\u00d3GICO PENSAR\u00ae\t\t\t<\/a>\n\t\t<\/h2>\n\t\t\t\t<div class=\"elementor-post__excerpt\">\n\t\t\t<p>Corpoeducaci\u00f3n cuenta con amplia experiencia en procesos relacionados con Modelos flexibles. Con los aprendizajes y los conocimientos construidos, Corpoeducaci\u00f3n consolid\u00f3 su propio modelo educativo flexible:<\/p>\n\t\t<\/div>\n\t\t\n\t\t<a class=\"elementor-post__read-more\" href=\"https:\/\/corpoeducacion.org.co\/pensar\/uncategorized\/modelo-pedagogico-pensar\/\" aria-label=\"Read more about MODELO PEDAG\u00d3GICO PENSAR\u00ae\" tabindex=\"-1\" >\n\t\t\tLeer m\u00e1s \u00bb\t\t<\/a>\n\n\t\t\t\t<\/div>\n\t\t\t\t\t<\/div>\n\t\t<\/article>\n\t\t\t\t<article class=\"elementor-post elementor-grid-item post-612 post type-post status-publish format-standard hentry category-uncategorized\" role=\"listitem\">\n\t\t\t<div class=\"elementor-post__card\">\n\t\t\t\t<div class=\"elementor-post__text\">\n\t\t\t\t<h2 class=\"elementor-post__title\">\n\t\t\t<a href=\"https:\/\/corpoeducacion.org.co\/pensar\/uncategorized\/modelo-pensar-formacion-y-acompanamiento-en-bucaramanga\/\" >\n\t\t\t\tMODELO PENSAR\u00ae: FORMACI\u00d3N Y ACOMPA\u00d1AMIENTO EN BUCARAMANGA\t\t\t<\/a>\n\t\t<\/h2>\n\t\t\t\t<div class=\"elementor-post__excerpt\">\n\t\t\t<p>Durante el 2018 CORPOEDUCACI\u00d3N trabaj\u00f3 de la mano con la Secretar\u00eda de Educaci\u00f3n de Bucaramanga en varios procesos de formaci\u00f3n y acompa\u00f1amiento. Dada la necesidad<\/p>\n\t\t<\/div>\n\t\t\n\t\t<a class=\"elementor-post__read-more\" href=\"https:\/\/corpoeducacion.org.co\/pensar\/uncategorized\/modelo-pensar-formacion-y-acompanamiento-en-bucaramanga\/\" aria-label=\"Read more about MODELO PENSAR\u00ae: FORMACI\u00d3N Y ACOMPA\u00d1AMIENTO EN BUCARAMANGA\" tabindex=\"-1\" >\n\t\t\tLeer m\u00e1s \u00bb\t\t<\/a>\n\n\t\t\t\t<\/div>\n\t\t\t\t\t<\/div>\n\t\t<\/article>\n\t\t\t\t<article class=\"elementor-post elementor-grid-item post-609 post type-post status-publish format-standard hentry category-uncategorized\" role=\"listitem\">\n\t\t\t<div class=\"elementor-post__card\">\n\t\t\t\t<div class=\"elementor-post__text\">\n\t\t\t\t<h2 class=\"elementor-post__title\">\n\t\t\t<a href=\"https:\/\/corpoeducacion.org.co\/pensar\/uncategorized\/modelo-pedagogico-pensar-en-el-centro-educativo-champagnat-la-paz-bogota\/\" >\n\t\t\t\tMODELO PEDAG\u00d3GICO PENSAR\u00ae EN EL CENTRO EDUCATIVO CHAMPAGNAT \u2013 LA PAZ BOGOT\u00c1\t\t\t<\/a>\n\t\t<\/h2>\n\t\t\t\t<div class=\"elementor-post__excerpt\">\n\t\t\t<p>Corpoeducaci\u00f3n realiz\u00f3 la implementaci\u00f3n del Modelo Pedag\u00f3gico Pensar en el Centro Educativo Champagnat \u2013 La Paz Bogot\u00e1, con el fin de contribuir al mejoramiento de<\/p>\n\t\t<\/div>\n\t\t\n\t\t<a class=\"elementor-post__read-more\" href=\"https:\/\/corpoeducacion.org.co\/pensar\/uncategorized\/modelo-pedagogico-pensar-en-el-centro-educativo-champagnat-la-paz-bogota\/\" aria-label=\"Read more about MODELO PEDAG\u00d3GICO PENSAR\u00ae EN EL CENTRO EDUCATIVO CHAMPAGNAT \u2013 LA PAZ BOGOT\u00c1\" tabindex=\"-1\" >\n\t\t\tLeer m\u00e1s \u00bb\t\t<\/a>\n\n\t\t\t\t<\/div>\n\t\t\t\t\t<\/div>\n\t\t<\/article>\n\t\t\t\t<article class=\"elementor-post elementor-grid-item post-606 post type-post status-publish format-standard hentry category-uncategorized\" role=\"listitem\">\n\t\t\t<div class=\"elementor-post__card\">\n\t\t\t\t<div class=\"elementor-post__text\">\n\t\t\t\t<h2 class=\"elementor-post__title\">\n\t\t\t<a href=\"https:\/\/corpoeducacion.org.co\/pensar\/uncategorized\/la-pedagogia-de-la-pregunta-una-poderosa-herramienta-para-propiciar-el-aprendizaje-significativo-en-el-modelo-pensar\/\" >\n\t\t\t\tLA PEDAGOG\u00cdA DE LA PREGUNTA; UNA PODEROSA HERRAMIENTA PARA PROPICIAR EL APRENDIZAJE SIGNIFICATIVO EN EL MODELO PENSAR\t\t\t<\/a>\n\t\t<\/h2>\n\t\t\t\t<div class=\"elementor-post__excerpt\">\n\t\t\t<p>Escrito por&nbsp;Laura Higuera Villegas&nbsp;\u2013&nbsp;Consultora Proyectos Corpoeducaci\u00f3n.* \u00bfPor qu\u00e9 las vacas engordan si comen \u00fanicamente pasto? \u00bfPor qu\u00e9 se hundi\u00f3 el Titanic? \u00bfPor qu\u00e9 las hormigas<\/p>\n\t\t<\/div>\n\t\t\n\t\t<a class=\"elementor-post__read-more\" href=\"https:\/\/corpoeducacion.org.co\/pensar\/uncategorized\/la-pedagogia-de-la-pregunta-una-poderosa-herramienta-para-propiciar-el-aprendizaje-significativo-en-el-modelo-pensar\/\" aria-label=\"Read more about LA PEDAGOG\u00cdA DE LA PREGUNTA; UNA PODEROSA HERRAMIENTA PARA PROPICIAR EL APRENDIZAJE SIGNIFICATIVO EN EL MODELO PENSAR\" tabindex=\"-1\" >\n\t\t\tLeer m\u00e1s \u00bb\t\t<\/a>\n\n\t\t\t\t<\/div>\n\t\t\t\t\t<\/div>\n\t\t<\/article>\n\t\t\t\t<\/div>\n\t\t\t\t\t<span class=\"e-load-more-spinner\">\n\t\t\t\t<svg aria-hidden=\"true\" class=\"e-font-icon-svg e-fas-spinner\" viewBox=\"0 0 512 512\" xmlns=\"http:\/\/www.w3.org\/2000\/svg\"><path d=\"M304 48c0 26.51-21.49 48-48 48s-48-21.49-48-48 21.49-48 48-48 48 21.49 48 48zm-48 368c-26.51 0-48 21.49-48 48s21.49 48 48 48 48-21.49 48-48-21.49-48-48-48zm208-208c-26.51 0-48 21.49-48 48s21.49 48 48 48 48-21.49 48-48-21.49-48-48-48zM96 256c0-26.51-21.49-48-48-48S0 229.49 0 256s21.49 48 48 48 48-21.49 48-48zm12.922 99.078c-26.51 0-48 21.49-48 48s21.49 48 48 48 48-21.49 48-48c0-26.509-21.491-48-48-48zm294.156 0c-26.51 0-48 21.49-48 48s21.49 48 48 48 48-21.49 48-48c0-26.509-21.49-48-48-48zM108.922 60.922c-26.51 0-48 21.49-48 48s21.49 48 48 48 48-21.49 48-48-21.491-48-48-48z\"><\/path><\/svg>\t\t\t<\/span>\n\t\t\n\t\t\t\t<div class=\"e-load-more-anchor\" data-page=\"1\" data-max-page=\"3\" data-next-page=\"https:\/\/corpoeducacion.org.co\/pensar\/wp-json\/wp\/v2\/pages\/229\/page\/2\/\"><\/div>\n\t\t\t\t<div class=\"e-load-more-message\"><\/div>\n\t\t\t\t\t\t<\/div>\n\t\t\t\t<\/div>\n\t\t\t\t\t<\/div>\n\t\t\t\t<\/div>\n\t\t\t\t<\/div>\n\t\t","protected":false},"excerpt":{"rendered":"<p>Actualidad<\/p>\n","protected":false},"author":1,"featured_media":0,"parent":0,"menu_order":0,"comment_status":"closed","ping_status":"closed","template":"","meta":{"_monsterinsights_skip_tracking":false,"_monsterinsights_sitenote_active":false,"_monsterinsights_sitenote_note":"","_monsterinsights_sitenote_category":0,"footnotes":""},"class_list":["post-229","page","type-page","status-publish","hentry"],"aioseo_notices":[],"_links":{"self":[{"href":"https:\/\/corpoeducacion.org.co\/pensar\/wp-json\/wp\/v2\/pages\/229","targetHints":{"allow":["GET"]}}],"collection":[{"href":"https:\/\/corpoeducacion.org.co\/pensar\/wp-json\/wp\/v2\/pages"}],"about":[{"href":"https:\/\/corpoeducacion.org.co\/pensar\/wp-json\/wp\/v2\/types\/page"}],"author":[{"embeddable":true,"href":"https:\/\/corpoeducacion.org.co\/pensar\/wp-json\/wp\/v2\/users\/1"}],"replies":[{"embeddable":true,"href":"https:\/\/corpoeducacion.org.co\/pensar\/wp-json\/wp\/v2\/comments?post=229"}],"version-history":[{"count":7,"href":"https:\/\/corpoeducacion.org.co\/pensar\/wp-json\/wp\/v2\/pages\/229\/revisions"}],"predecessor-version":[{"id":238,"href":"https:\/\/corpoeducacion.org.co\/pensar\/wp-json\/wp\/v2\/pages\/229\/revisions\/238"}],"wp:attachment":[{"href":"https:\/\/corpoeducacion.org.co\/pensar\/wp-json\/wp\/v2\/media?parent=229"}],"curies":[{"name":"wp","href":"https:\/\/api.w.org\/{rel}","templated":true}]}}