{"id":15,"date":"2025-09-22T23:39:32","date_gmt":"2025-09-22T23:39:32","guid":{"rendered":"https:\/\/corpoeducacion.org.co\/pensar\/?page_id=15"},"modified":"2025-10-16T15:39:10","modified_gmt":"2025-10-16T15:39:10","slug":"sobre-modelo","status":"publish","type":"page","link":"https:\/\/corpoeducacion.org.co\/pensar\/sobre-modelo\/","title":{"rendered":"Sobre el Modelo"},"content":{"rendered":"\t\t<div data-elementor-type=\"wp-page\" data-elementor-id=\"15\" class=\"elementor elementor-15\" data-elementor-post-type=\"page\">\n\t\t\t\t<div class=\"elementor-element elementor-element-f43e240 e-flex e-con-boxed e-con e-parent\" data-id=\"f43e240\" data-element_type=\"container\" data-e-type=\"container\" data-settings=\"{&quot;background_background&quot;:&quot;classic&quot;,&quot;jet_parallax_layout_list&quot;:[]}\">\n\t\t\t\t\t<div class=\"e-con-inner\">\n\t\t<div class=\"elementor-element elementor-element-006f49e e-con-full e-flex e-con e-child\" data-id=\"006f49e\" data-element_type=\"container\" data-e-type=\"container\" data-settings=\"{&quot;jet_parallax_layout_list&quot;:[]}\">\n\t\t\t\t<div class=\"elementor-element elementor-element-c4b52ac elementor-widget elementor-widget-heading\" data-id=\"c4b52ac\" data-element_type=\"widget\" data-e-type=\"widget\" data-widget_type=\"heading.default\">\n\t\t\t\t\t<h2 class=\"elementor-heading-title elementor-size-default\">Sobre el Modelo<\/h2>\t\t\t\t<\/div>\n\t\t\t\t<div class=\"elementor-element elementor-element-cfd4c5c elementor-widget elementor-widget-text-editor\" data-id=\"cfd4c5c\" data-element_type=\"widget\" data-e-type=\"widget\" data-widget_type=\"text-editor.default\">\n\t\t\t\t\t\t\t\t\t<p>Pensar\u00ae es una propuesta pedag\u00f3gica innovadora, que se fundamenta en el constructivismo, en el Aprendizaje Basado en Problemas y en la Pedagog\u00eda de la Pregunta, por esta raz\u00f3n los y las estudiantes disfrutan de su proceso educativo a la vez que aprenden y se favorece su desarrollo integral y el desarrollo de habilidades de pensamiento, sociales, investigativas y argumentativas.<\/p>\t\t\t\t\t\t\t\t<\/div>\n\t\t\t\t<\/div>\n\t\t<div class=\"elementor-element elementor-element-51f9ee9 e-con-full e-flex e-con e-child\" data-id=\"51f9ee9\" data-element_type=\"container\" data-e-type=\"container\" data-settings=\"{&quot;jet_parallax_layout_list&quot;:[]}\">\n\t\t\t\t<div class=\"elementor-element elementor-element-37ed83e elementor-absolute elementor-invisible elementor-widget elementor-widget-image\" data-id=\"37ed83e\" data-element_type=\"widget\" data-e-type=\"widget\" data-settings=\"{&quot;_animation&quot;:&quot;rotateIn&quot;,&quot;_position&quot;:&quot;absolute&quot;,&quot;motion_fx_motion_fx_scrolling&quot;:&quot;yes&quot;,&quot;motion_fx_rotateZ_effect&quot;:&quot;yes&quot;,&quot;motion_fx_rotateZ_direction&quot;:&quot;negative&quot;,&quot;motion_fx_rotateZ_speed&quot;:{&quot;unit&quot;:&quot;px&quot;,&quot;size&quot;:1,&quot;sizes&quot;:[]},&quot;motion_fx_rotateZ_affectedRange&quot;:{&quot;unit&quot;:&quot;%&quot;,&quot;size&quot;:&quot;&quot;,&quot;sizes&quot;:{&quot;start&quot;:0,&quot;end&quot;:100}},&quot;motion_fx_devices&quot;:[&quot;desktop&quot;,&quot;tablet&quot;,&quot;mobile&quot;]}\" data-widget_type=\"image.default\">\n\t\t\t\t\t\t\t\t\t\t\t\t\t\t\t<img fetchpriority=\"high\" decoding=\"async\" width=\"526\" height=\"596\" src=\"https:\/\/corpoeducacion.org.co\/pensar\/wp-content\/uploads\/2025\/09\/Pensar_Hexverde.svg\" class=\"attachment-large size-large wp-image-154\" alt=\"\" \/>\t\t\t\t\t\t\t\t\t\t\t\t\t\t\t<\/div>\n\t\t\t\t<div class=\"elementor-element elementor-element-0c9878d elementor-invisible elementor-widget elementor-widget-image\" data-id=\"0c9878d\" data-element_type=\"widget\" data-e-type=\"widget\" data-settings=\"{&quot;_animation&quot;:&quot;slideInUp&quot;,&quot;_animation_delay&quot;:250}\" data-widget_type=\"image.default\">\n\t\t\t\t\t\t\t\t\t\t\t\t\t\t\t<img decoding=\"async\" width=\"800\" height=\"660\" src=\"https:\/\/corpoeducacion.org.co\/pensar\/wp-content\/uploads\/2025\/09\/Pensar-sobre-modelo1.png\" class=\"attachment-large size-large wp-image-172\" alt=\"\" srcset=\"https:\/\/corpoeducacion.org.co\/pensar\/wp-content\/uploads\/2025\/09\/Pensar-sobre-modelo1.png 1000w, https:\/\/corpoeducacion.org.co\/pensar\/wp-content\/uploads\/2025\/09\/Pensar-sobre-modelo1-300x248.png 300w, https:\/\/corpoeducacion.org.co\/pensar\/wp-content\/uploads\/2025\/09\/Pensar-sobre-modelo1-768x634.png 768w\" sizes=\"(max-width: 800px) 100vw, 800px\" \/>\t\t\t\t\t\t\t\t\t\t\t\t\t\t\t<\/div>\n\t\t\t\t<\/div>\n\t\t\t\t\t<\/div>\n\t\t\t\t<\/div>\n\t\t<div class=\"elementor-element elementor-element-34d35c3 e-con-full e-flex e-con e-parent\" data-id=\"34d35c3\" data-element_type=\"container\" data-e-type=\"container\" data-settings=\"{&quot;jet_parallax_layout_list&quot;:[]}\">\n\t\t\t\t<div class=\"elementor-element elementor-element-42b7918 elementor-widget elementor-widget-image\" data-id=\"42b7918\" data-element_type=\"widget\" data-e-type=\"widget\" data-widget_type=\"image.default\">\n\t\t\t\t\t\t\t\t\t\t\t\t\t\t\t<img decoding=\"async\" width=\"2729\" height=\"83\" src=\"https:\/\/corpoeducacion.org.co\/pensar\/wp-content\/uploads\/2025\/09\/Pensar_Deco-morado.svg\" class=\"attachment-full size-full wp-image-166\" alt=\"\" \/>\t\t\t\t\t\t\t\t\t\t\t\t\t\t\t<\/div>\n\t\t\t\t<\/div>\n\t\t<div class=\"elementor-element elementor-element-4c655de e-flex e-con-boxed e-con e-parent\" data-id=\"4c655de\" data-element_type=\"container\" data-e-type=\"container\" data-settings=\"{&quot;background_background&quot;:&quot;classic&quot;,&quot;jet_parallax_layout_list&quot;:[]}\">\n\t\t\t\t\t<div class=\"e-con-inner\">\n\t\t<div class=\"elementor-element elementor-element-384d9fd e-con-full e-flex e-con e-child\" data-id=\"384d9fd\" data-element_type=\"container\" data-e-type=\"container\" data-settings=\"{&quot;jet_parallax_layout_list&quot;:[]}\">\n\t\t\t\t<div class=\"elementor-element elementor-element-5fc65bd elementor-widget elementor-widget-image\" data-id=\"5fc65bd\" data-element_type=\"widget\" data-e-type=\"widget\" data-settings=\"{&quot;_animation&quot;:&quot;none&quot;}\" data-widget_type=\"image.default\">\n\t\t\t\t\t\t\t\t\t\t\t\t\t\t\t<img loading=\"lazy\" decoding=\"async\" width=\"1280\" height=\"1280\" src=\"https:\/\/corpoeducacion.org.co\/pensar\/wp-content\/uploads\/2025\/09\/DSC08147-Photoroom.png\" class=\"attachment-full size-full wp-image-351\" alt=\"\" srcset=\"https:\/\/corpoeducacion.org.co\/pensar\/wp-content\/uploads\/2025\/09\/DSC08147-Photoroom.png 1280w, https:\/\/corpoeducacion.org.co\/pensar\/wp-content\/uploads\/2025\/09\/DSC08147-Photoroom-300x300.png 300w, https:\/\/corpoeducacion.org.co\/pensar\/wp-content\/uploads\/2025\/09\/DSC08147-Photoroom-1024x1024.png 1024w, https:\/\/corpoeducacion.org.co\/pensar\/wp-content\/uploads\/2025\/09\/DSC08147-Photoroom-150x150.png 150w, https:\/\/corpoeducacion.org.co\/pensar\/wp-content\/uploads\/2025\/09\/DSC08147-Photoroom-768x768.png 768w\" sizes=\"(max-width: 1280px) 100vw, 1280px\" \/>\t\t\t\t\t\t\t\t\t\t\t\t\t\t\t<\/div>\n\t\t\t\t<\/div>\n\t\t<div class=\"elementor-element elementor-element-9f03261 e-con-full e-flex e-con e-child\" data-id=\"9f03261\" data-element_type=\"container\" data-e-type=\"container\" data-settings=\"{&quot;jet_parallax_layout_list&quot;:[]}\">\n\t\t\t\t<div class=\"elementor-element elementor-element-c8d814a elementor-widget elementor-widget-heading\" data-id=\"c8d814a\" data-element_type=\"widget\" data-e-type=\"widget\" data-widget_type=\"heading.default\">\n\t\t\t\t\t<h2 class=\"elementor-heading-title elementor-size-default\">Implementaci\u00f3n\ndel modelo<\/h2>\t\t\t\t<\/div>\n\t\t\t\t<div class=\"elementor-element elementor-element-f97bc5b elementor-widget elementor-widget-text-editor\" data-id=\"f97bc5b\" data-element_type=\"widget\" data-e-type=\"widget\" data-widget_type=\"text-editor.default\">\n\t\t\t\t\t\t\t\t\t<p>Para la implementaci\u00f3n de Pensar\u00ae el equipo de especialistas de Corpoeducaci\u00f3n desarrolla los procesos de formaci\u00f3n a docentes a trav\u00e9s de talleres grupales y jornadas de acompa\u00f1amiento en sitio en las instituciones educativas beneficiadas. De igual manera realiza acompa\u00f1amiento virtual permanente a trav\u00e9s de diferentes estrategias, con el fin de garantizar que los y las docentes logren la apropiaci\u00f3n del modelo.<\/p>\t\t\t\t\t\t\t\t<\/div>\n\t\t\t\t<\/div>\n\t\t\t\t\t<\/div>\n\t\t\t\t<\/div>\n\t\t<div class=\"elementor-element elementor-element-bb1a1f8 e-flex e-con-boxed e-con e-parent\" data-id=\"bb1a1f8\" data-element_type=\"container\" data-e-type=\"container\" data-settings=\"{&quot;jet_parallax_layout_list&quot;:[]}\">\n\t\t\t\t\t<div class=\"e-con-inner\">\n\t\t\t\t<div class=\"elementor-element elementor-element-f04149f elementor-widget elementor-widget-jet-video\" data-id=\"f04149f\" data-element_type=\"widget\" data-e-type=\"widget\" data-widget_type=\"jet-video.default\">\n\t\t\t\t<div class=\"elementor-widget-container\">\n\t\t\t\t\t<div class=\"elementor-jet-video jet-elements\">\n<div class=\"jet-video jet-video--fa5-compat jet-video-aspect-ratio jet-video-aspect-ratio--16-9\" data-settings=\"{&quot;lightbox&quot;:false,&quot;autoplay&quot;:false}\"><iframe class=\"jet-video-iframe\" allowfullscreen allow=\"autoplay;encrypted-media\" title=\"Reproductor de v\u00eddeo youtube\" data-lazy-load=\"https:\/\/www.youtube.com\/embed\/Nce6uVLQn_8?feature=oembed&amp;start&amp;end&amp;wmode=opaque&amp;autoplay=0&amp;loop=0&amp;controls=1&amp;mute=0&amp;rel=0&amp;modestbranding=0\"><\/iframe>\n<div class=\"jet-video__overlay jet-video__overlay--custom-bg\" style=\"background-image: url(https:\/\/i.ytimg.com\/vi_webp\/Nce6uVLQn_8\/maxresdefault.webp);\">\n<div class=\"jet-video__play-button\" role=\"button\" tabindex=\"0\" aria-label=\"Video play button\"><span class=\"jet-elements-icon jet-video__play-button-icon\"><svg aria-hidden=\"true\" class=\"e-font-icon-svg e-fas-play\" viewBox=\"0 0 448 512\" xmlns=\"http:\/\/www.w3.org\/2000\/svg\"><path d=\"M424.4 214.7L72.4 6.6C43.8-10.3 0 6.1 0 47.9V464c0 37.5 40.7 60.1 72.4 41.3l352-208c31.4-18.5 31.5-64.1 0-82.6z\"><\/path><\/svg><\/span>\t<span class=\"elementor-screen-only\">Play Video<\/span>\n<\/div>\n<\/div>\n<\/div>\n<\/div>\t\t\t\t<\/div>\n\t\t\t\t<\/div>\n\t\t\t\t\t<\/div>\n\t\t\t\t<\/div>\n\t\t<div class=\"elementor-element elementor-element-1f72fbd e-flex e-con-boxed e-con e-parent\" data-id=\"1f72fbd\" data-element_type=\"container\" data-e-type=\"container\" data-settings=\"{&quot;jet_parallax_layout_list&quot;:[]}\">\n\t\t\t\t\t<div class=\"e-con-inner\">\n\t\t<div class=\"elementor-element elementor-element-97daae8 e-con-full e-flex e-con e-child\" data-id=\"97daae8\" data-element_type=\"container\" data-e-type=\"container\" data-settings=\"{&quot;jet_parallax_layout_list&quot;:[]}\">\n\t\t\t\t<div class=\"elementor-element elementor-element-e10a809 elementor-widget elementor-widget-heading\" data-id=\"e10a809\" data-element_type=\"widget\" data-e-type=\"widget\" data-widget_type=\"heading.default\">\n\t\t\t\t\t<h2 class=\"elementor-heading-title elementor-size-default\">Paso<\/h2>\t\t\t\t<\/div>\n\t\t\t\t<div class=\"elementor-element elementor-element-16cad95 elementor-widget elementor-widget-image\" data-id=\"16cad95\" data-element_type=\"widget\" data-e-type=\"widget\" data-widget_type=\"image.default\">\n\t\t\t\t\t\t\t\t\t\t\t\t\t\t\t<img loading=\"lazy\" decoding=\"async\" width=\"800\" height=\"549\" src=\"https:\/\/corpoeducacion.org.co\/pensar\/wp-content\/uploads\/2025\/09\/Pensar-modelo1.jpg\" class=\"attachment-large size-large wp-image-322\" alt=\"\" srcset=\"https:\/\/corpoeducacion.org.co\/pensar\/wp-content\/uploads\/2025\/09\/Pensar-modelo1.jpg 906w, https:\/\/corpoeducacion.org.co\/pensar\/wp-content\/uploads\/2025\/09\/Pensar-modelo1-300x206.jpg 300w, https:\/\/corpoeducacion.org.co\/pensar\/wp-content\/uploads\/2025\/09\/Pensar-modelo1-768x527.jpg 768w\" sizes=\"(max-width: 800px) 100vw, 800px\" \/>\t\t\t\t\t\t\t\t\t\t\t\t\t\t\t<\/div>\n\t\t\t\t<\/div>\n\t\t<div class=\"elementor-element elementor-element-df85d86 e-con-full e-flex e-con e-child\" data-id=\"df85d86\" data-element_type=\"container\" data-e-type=\"container\" data-settings=\"{&quot;jet_parallax_layout_list&quot;:[]}\">\n\t\t\t\t<div class=\"elementor-element elementor-element-3909049 elementor-widget elementor-widget-heading\" data-id=\"3909049\" data-element_type=\"widget\" data-e-type=\"widget\" data-widget_type=\"heading.default\">\n\t\t\t\t\t<h2 class=\"elementor-heading-title elementor-size-default\">Formaci\u00f3n <br>\nde docentes<\/h2>\t\t\t\t<\/div>\n\t\t\t\t<div class=\"elementor-element elementor-element-449a1bc elementor-widget-divider--view-line elementor-widget elementor-widget-divider\" data-id=\"449a1bc\" data-element_type=\"widget\" data-e-type=\"widget\" data-widget_type=\"divider.default\">\n\t\t\t\t\t\t\t<div class=\"elementor-divider\">\n\t\t\t<span class=\"elementor-divider-separator\">\n\t\t\t\t\t\t<\/span>\n\t\t<\/div>\n\t\t\t\t\t\t<\/div>\n\t\t\t\t<div class=\"elementor-element elementor-element-d51a9ef elementor-widget elementor-widget-text-editor\" data-id=\"d51a9ef\" data-element_type=\"widget\" data-e-type=\"widget\" data-widget_type=\"text-editor.default\">\n\t\t\t\t\t\t\t\t\t<p>Con la formaci\u00f3n, los y las docentes se apropian de los elementos pedag\u00f3gicos y operativos para la implementaci\u00f3n del Modelo y a la vez fortalecen, transforman e innovan en su pr\u00e1ctica pedag\u00f3gica.<\/p>\t\t\t\t\t\t\t\t<\/div>\n\t\t\t\t<\/div>\n\t\t\t\t\t<\/div>\n\t\t\t\t<\/div>\n\t\t<div class=\"elementor-element elementor-element-748b944 e-flex e-con-boxed e-con e-parent\" data-id=\"748b944\" data-element_type=\"container\" data-e-type=\"container\" data-settings=\"{&quot;jet_parallax_layout_list&quot;:[]}\">\n\t\t\t\t\t<div class=\"e-con-inner\">\n\t\t<div class=\"elementor-element elementor-element-3ba5498 e-con-full e-flex e-con e-child\" data-id=\"3ba5498\" data-element_type=\"container\" data-e-type=\"container\" data-settings=\"{&quot;jet_parallax_layout_list&quot;:[]}\">\n\t\t\t\t<div class=\"elementor-element elementor-element-bf1fa10 elementor-widget elementor-widget-image\" data-id=\"bf1fa10\" data-element_type=\"widget\" data-e-type=\"widget\" data-widget_type=\"image.default\">\n\t\t\t\t\t\t\t\t\t\t\t\t\t\t\t<img loading=\"lazy\" decoding=\"async\" width=\"640\" height=\"640\" src=\"https:\/\/corpoeducacion.org.co\/pensar\/wp-content\/uploads\/2025\/09\/teaching.gif\" class=\"attachment-large size-large wp-image-315\" alt=\"\" \/>\t\t\t\t\t\t\t\t\t\t\t\t\t\t\t<\/div>\n\t\t\t\t<div class=\"elementor-element elementor-element-3e36278 elementor-widget elementor-widget-heading\" data-id=\"3e36278\" data-element_type=\"widget\" data-e-type=\"widget\" data-widget_type=\"heading.default\">\n\t\t\t\t\t<h2 class=\"elementor-heading-title elementor-size-default\">01<\/h2>\t\t\t\t<\/div>\n\t\t<div class=\"elementor-element elementor-element-dd20708 e-con-full e-flex e-con e-child\" data-id=\"dd20708\" data-element_type=\"container\" data-e-type=\"container\" data-settings=\"{&quot;jet_parallax_layout_list&quot;:[]}\">\n\t\t\t\t<div class=\"elementor-element elementor-element-e21d3cb elementor-widget elementor-widget-heading\" data-id=\"e21d3cb\" data-element_type=\"widget\" data-e-type=\"widget\" data-widget_type=\"heading.default\">\n\t\t\t\t\t<h3 class=\"elementor-heading-title elementor-size-default\">Taller inicial<\/h3>\t\t\t\t<\/div>\n\t\t\t\t<div class=\"elementor-element elementor-element-66c0e6b elementor-widget elementor-widget-heading\" data-id=\"66c0e6b\" data-element_type=\"widget\" data-e-type=\"widget\" data-widget_type=\"heading.default\">\n\t\t\t\t\t<h3 class=\"elementor-heading-title elementor-size-default\">(40 horas)<\/h3>\t\t\t\t<\/div>\n\t\t\t\t<\/div>\n\t\t\t\t<div class=\"elementor-element elementor-element-70d7124 elementor-widget elementor-widget-text-editor\" data-id=\"70d7124\" data-element_type=\"widget\" data-e-type=\"widget\" data-widget_type=\"text-editor.default\">\n\t\t\t\t\t\t\t\t\t<p>Con la formaci\u00f3n, los y las docentes se apropian de los elementos pedag\u00f3gicos y operativos para la implementaci\u00f3n del Modelo y a la vez fortalecen, transforman e innovan en su pr\u00e1ctica pedag\u00f3gica.<\/p>\t\t\t\t\t\t\t\t<\/div>\n\t\t\t\t<\/div>\n\t\t<div class=\"elementor-element elementor-element-4e0a124 e-con-full e-flex e-con e-child\" data-id=\"4e0a124\" data-element_type=\"container\" data-e-type=\"container\" data-settings=\"{&quot;jet_parallax_layout_list&quot;:[]}\">\n\t\t\t\t<div class=\"elementor-element elementor-element-41f8b2b elementor-widget elementor-widget-image\" data-id=\"41f8b2b\" data-element_type=\"widget\" data-e-type=\"widget\" data-widget_type=\"image.default\">\n\t\t\t\t\t\t\t\t\t\t\t\t\t\t\t<img loading=\"lazy\" decoding=\"async\" width=\"640\" height=\"640\" src=\"https:\/\/corpoeducacion.org.co\/pensar\/wp-content\/uploads\/2025\/09\/presentation.gif\" class=\"attachment-large size-large wp-image-318\" alt=\"\" \/>\t\t\t\t\t\t\t\t\t\t\t\t\t\t\t<\/div>\n\t\t\t\t<div class=\"elementor-element elementor-element-29dacc1 elementor-widget elementor-widget-heading\" data-id=\"29dacc1\" data-element_type=\"widget\" data-e-type=\"widget\" data-widget_type=\"heading.default\">\n\t\t\t\t\t<h2 class=\"elementor-heading-title elementor-size-default\">02<\/h2>\t\t\t\t<\/div>\n\t\t<div class=\"elementor-element elementor-element-0a32f80 e-con-full e-flex e-con e-child\" data-id=\"0a32f80\" data-element_type=\"container\" data-e-type=\"container\" data-settings=\"{&quot;jet_parallax_layout_list&quot;:[]}\">\n\t\t\t\t<div class=\"elementor-element elementor-element-e27a1e1 elementor-widget elementor-widget-heading\" data-id=\"e27a1e1\" data-element_type=\"widget\" data-e-type=\"widget\" data-widget_type=\"heading.default\">\n\t\t\t\t\t<h3 class=\"elementor-heading-title elementor-size-default\">Talleres de profundizaci\u00f3n<\/h3>\t\t\t\t<\/div>\n\t\t\t\t<div class=\"elementor-element elementor-element-2c13ba5 elementor-widget elementor-widget-heading\" data-id=\"2c13ba5\" data-element_type=\"widget\" data-e-type=\"widget\" data-widget_type=\"heading.default\">\n\t\t\t\t\t<h3 class=\"elementor-heading-title elementor-size-default\">(16 horas)<\/h3>\t\t\t\t<\/div>\n\t\t\t\t<\/div>\n\t\t\t\t<div class=\"elementor-element elementor-element-9a5adea elementor-widget elementor-widget-text-editor\" data-id=\"9a5adea\" data-element_type=\"widget\" data-e-type=\"widget\" data-widget_type=\"text-editor.default\">\n\t\t\t\t\t\t\t\t\t<p>Son talleres en los cuales, a partir de la experiencia de implementaci\u00f3n del Modelo Pedag\u00f3gico Pensar<span style=\"color: rgb(71, 71, 71); font-family: Arial, sans-serif; font-size: 14px; text-align: start;\">\u00ae<\/span>&nbsp;en las aulas, los y las docentes pueden profundizar en tem\u00e1ticas espec\u00edficas y fortalecer su capacidad para hacer ajustes de los materiales al contexto.<\/p>\t\t\t\t\t\t\t\t<\/div>\n\t\t\t\t<\/div>\n\t\t<div class=\"elementor-element elementor-element-9a5df92 e-con-full e-flex e-con e-child\" data-id=\"9a5df92\" data-element_type=\"container\" data-e-type=\"container\" data-settings=\"{&quot;jet_parallax_layout_list&quot;:[]}\">\n\t\t\t\t<div class=\"elementor-element elementor-element-daeb97a elementor-widget elementor-widget-image\" data-id=\"daeb97a\" data-element_type=\"widget\" data-e-type=\"widget\" data-widget_type=\"image.default\">\n\t\t\t\t\t\t\t\t\t\t\t\t\t\t\t<img loading=\"lazy\" decoding=\"async\" width=\"640\" height=\"640\" src=\"https:\/\/corpoeducacion.org.co\/pensar\/wp-content\/uploads\/2025\/09\/test-1.gif\" class=\"attachment-large size-large wp-image-314\" alt=\"\" \/>\t\t\t\t\t\t\t\t\t\t\t\t\t\t\t<\/div>\n\t\t\t\t<div class=\"elementor-element elementor-element-4ef0d87 elementor-widget elementor-widget-heading\" data-id=\"4ef0d87\" data-element_type=\"widget\" data-e-type=\"widget\" data-widget_type=\"heading.default\">\n\t\t\t\t\t<h2 class=\"elementor-heading-title elementor-size-default\">03<\/h2>\t\t\t\t<\/div>\n\t\t<div class=\"elementor-element elementor-element-55ed0e2 e-con-full e-flex e-con e-child\" data-id=\"55ed0e2\" data-element_type=\"container\" data-e-type=\"container\" data-settings=\"{&quot;jet_parallax_layout_list&quot;:[]}\">\n\t\t\t\t<div class=\"elementor-element elementor-element-1b05d02 elementor-widget elementor-widget-heading\" data-id=\"1b05d02\" data-element_type=\"widget\" data-e-type=\"widget\" data-widget_type=\"heading.default\">\n\t\t\t\t\t<h3 class=\"elementor-heading-title elementor-size-default\">Taller de evaluaci\u00f3n <\/h3>\t\t\t\t<\/div>\n\t\t\t\t<div class=\"elementor-element elementor-element-d8ddb93 elementor-widget elementor-widget-heading\" data-id=\"d8ddb93\" data-element_type=\"widget\" data-e-type=\"widget\" data-widget_type=\"heading.default\">\n\t\t\t\t\t<h3 class=\"elementor-heading-title elementor-size-default\">(8 horas)<\/h3>\t\t\t\t<\/div>\n\t\t\t\t<\/div>\n\t\t\t\t<div class=\"elementor-element elementor-element-05739f8 elementor-widget elementor-widget-text-editor\" data-id=\"05739f8\" data-element_type=\"widget\" data-e-type=\"widget\" data-widget_type=\"text-editor.default\">\n\t\t\t\t\t\t\t\t\t<p>Es un escenario para recoger la estad\u00edstica de los logros obtenidos en cuanto a la promoci\u00f3n estudiantil, reconocer las transformaciones de vida de los y las estudiantes y la transformaci\u00f3n de la pr\u00e1ctica pedag\u00f3gica del equipo docente, as\u00ed como para generar las lecciones aprendidas y dejar capacidad instalada en la Instituci\u00f3n Educativa. <\/p>\t\t\t\t\t\t\t\t<\/div>\n\t\t\t\t<\/div>\n\t\t\t\t\t<\/div>\n\t\t\t\t<\/div>\n\t\t<div class=\"elementor-element elementor-element-91a263d e-con-full e-flex e-con e-parent\" data-id=\"91a263d\" data-element_type=\"container\" data-e-type=\"container\" data-settings=\"{&quot;jet_parallax_layout_list&quot;:[]}\">\n\t\t\t\t<div class=\"elementor-element elementor-element-4777dc0 elementor-widget elementor-widget-image\" data-id=\"4777dc0\" data-element_type=\"widget\" data-e-type=\"widget\" data-widget_type=\"image.default\">\n\t\t\t\t\t\t\t\t\t\t\t\t\t\t\t<img loading=\"lazy\" decoding=\"async\" width=\"2729\" height=\"83\" src=\"https:\/\/corpoeducacion.org.co\/pensar\/wp-content\/uploads\/2025\/09\/Pensar_Deco-claro.svg\" class=\"attachment-full size-full wp-image-101\" alt=\"\" \/>\t\t\t\t\t\t\t\t\t\t\t\t\t\t\t<\/div>\n\t\t\t\t<\/div>\n\t\t<div class=\"elementor-element elementor-element-4ad22b1 e-flex e-con-boxed e-con e-parent\" data-id=\"4ad22b1\" data-element_type=\"container\" data-e-type=\"container\" data-settings=\"{&quot;background_background&quot;:&quot;classic&quot;,&quot;jet_parallax_layout_list&quot;:[]}\">\n\t\t\t\t\t<div class=\"e-con-inner\">\n\t\t<div class=\"elementor-element elementor-element-84f07d0 e-con-full e-flex e-con e-child\" data-id=\"84f07d0\" data-element_type=\"container\" data-e-type=\"container\" data-settings=\"{&quot;jet_parallax_layout_list&quot;:[]}\">\n\t\t\t\t<div class=\"elementor-element elementor-element-ffd36c6 elementor-widget elementor-widget-heading\" data-id=\"ffd36c6\" data-element_type=\"widget\" data-e-type=\"widget\" data-widget_type=\"heading.default\">\n\t\t\t\t\t<h2 class=\"elementor-heading-title elementor-size-default\">Paso<\/h2>\t\t\t\t<\/div>\n\t\t\t\t<div class=\"elementor-element elementor-element-963ff3d elementor-widget elementor-widget-image\" data-id=\"963ff3d\" data-element_type=\"widget\" data-e-type=\"widget\" data-widget_type=\"image.default\">\n\t\t\t\t\t\t\t\t\t\t\t\t\t\t\t<img loading=\"lazy\" decoding=\"async\" width=\"800\" height=\"549\" src=\"https:\/\/corpoeducacion.org.co\/pensar\/wp-content\/uploads\/2025\/09\/Pensar-modelo2.jpg\" class=\"attachment-large size-large wp-image-323\" alt=\"\" srcset=\"https:\/\/corpoeducacion.org.co\/pensar\/wp-content\/uploads\/2025\/09\/Pensar-modelo2.jpg 906w, https:\/\/corpoeducacion.org.co\/pensar\/wp-content\/uploads\/2025\/09\/Pensar-modelo2-300x206.jpg 300w, https:\/\/corpoeducacion.org.co\/pensar\/wp-content\/uploads\/2025\/09\/Pensar-modelo2-768x527.jpg 768w\" sizes=\"(max-width: 800px) 100vw, 800px\" \/>\t\t\t\t\t\t\t\t\t\t\t\t\t\t\t<\/div>\n\t\t\t\t<\/div>\n\t\t<div class=\"elementor-element elementor-element-8bda4dc e-con-full e-flex e-con e-child\" data-id=\"8bda4dc\" data-element_type=\"container\" data-e-type=\"container\" data-settings=\"{&quot;jet_parallax_layout_list&quot;:[]}\">\n\t\t\t\t<div class=\"elementor-element elementor-element-b1fe735 elementor-widget elementor-widget-heading\" data-id=\"b1fe735\" data-element_type=\"widget\" data-e-type=\"widget\" data-widget_type=\"heading.default\">\n\t\t\t\t\t<h2 class=\"elementor-heading-title elementor-size-default\">Acompa\u00f1amiento  <br>\ny asesor\u00eda t\u00e9cnica<\/h2>\t\t\t\t<\/div>\n\t\t\t\t<div class=\"elementor-element elementor-element-042d607 elementor-widget-divider--view-line elementor-widget elementor-widget-divider\" data-id=\"042d607\" data-element_type=\"widget\" data-e-type=\"widget\" data-widget_type=\"divider.default\">\n\t\t\t\t\t\t\t<div class=\"elementor-divider\">\n\t\t\t<span class=\"elementor-divider-separator\">\n\t\t\t\t\t\t<\/span>\n\t\t<\/div>\n\t\t\t\t\t\t<\/div>\n\t\t\t\t<div class=\"elementor-element elementor-element-e13516a elementor-widget elementor-widget-text-editor\" data-id=\"e13516a\" data-element_type=\"widget\" data-e-type=\"widget\" data-widget_type=\"text-editor.default\">\n\t\t\t\t\t\t\t\t\t<p>Acompa\u00f1amos al equipo docente para fortalecer su pr\u00e1ctica pedag\u00f3gica y a las directivas docentes para articular el Modelo a su propuesta pedag\u00f3gica mediante dos modalidades:<\/p>\t\t\t\t\t\t\t\t<\/div>\n\t\t\t\t<\/div>\n\t\t\t\t\t<\/div>\n\t\t\t\t<\/div>\n\t\t<div class=\"elementor-element elementor-element-0ae5e63 e-flex e-con-boxed e-con e-parent\" data-id=\"0ae5e63\" data-element_type=\"container\" data-e-type=\"container\" data-settings=\"{&quot;background_background&quot;:&quot;classic&quot;,&quot;jet_parallax_layout_list&quot;:[]}\">\n\t\t\t\t\t<div class=\"e-con-inner\">\n\t\t<div class=\"elementor-element elementor-element-758ae7d e-con-full e-flex e-con e-child\" data-id=\"758ae7d\" data-element_type=\"container\" data-e-type=\"container\" data-settings=\"{&quot;jet_parallax_layout_list&quot;:[]}\">\n\t\t\t\t<div class=\"elementor-element elementor-element-fed0030 elementor-widget elementor-widget-image\" data-id=\"fed0030\" data-element_type=\"widget\" data-e-type=\"widget\" data-widget_type=\"image.default\">\n\t\t\t\t\t\t\t\t\t\t\t\t\t\t\t<img loading=\"lazy\" decoding=\"async\" width=\"640\" height=\"640\" src=\"https:\/\/corpoeducacion.org.co\/pensar\/wp-content\/uploads\/2025\/09\/teacher-1.gif\" class=\"attachment-large size-large wp-image-317\" alt=\"\" \/>\t\t\t\t\t\t\t\t\t\t\t\t\t\t\t<\/div>\n\t\t\t\t<div class=\"elementor-element elementor-element-0d0d5f4 elementor-widget elementor-widget-heading\" data-id=\"0d0d5f4\" data-element_type=\"widget\" data-e-type=\"widget\" data-widget_type=\"heading.default\">\n\t\t\t\t\t<h2 class=\"elementor-heading-title elementor-size-default\">01<\/h2>\t\t\t\t<\/div>\n\t\t<div class=\"elementor-element elementor-element-bd69f86 e-con-full e-flex e-con e-child\" data-id=\"bd69f86\" data-element_type=\"container\" data-e-type=\"container\" data-settings=\"{&quot;jet_parallax_layout_list&quot;:[]}\">\n\t\t\t\t<div class=\"elementor-element elementor-element-dce2b49 elementor-widget elementor-widget-heading\" data-id=\"dce2b49\" data-element_type=\"widget\" data-e-type=\"widget\" data-widget_type=\"heading.default\">\n\t\t\t\t\t<h3 class=\"elementor-heading-title elementor-size-default\">Visitas en sitio<\/h3>\t\t\t\t<\/div>\n\t\t\t\t<\/div>\n\t\t\t\t<div class=\"elementor-element elementor-element-6c018a6 elementor-widget elementor-widget-text-editor\" data-id=\"6c018a6\" data-element_type=\"widget\" data-e-type=\"widget\" data-widget_type=\"text-editor.default\">\n\t\t\t\t\t\t\t\t\t<p>Son espacios en jornada acad\u00e9mica para la retroalimentaci\u00f3n y la construcci\u00f3n conjunta con los y las docentes de acciones pedag\u00f3gicas que dan valor agregado a la implementaci\u00f3n del Modelo.<\/p>\t\t\t\t\t\t\t\t<\/div>\n\t\t\t\t<\/div>\n\t\t<div class=\"elementor-element elementor-element-5098b97 e-con-full e-flex e-con e-child\" data-id=\"5098b97\" data-element_type=\"container\" data-e-type=\"container\" data-settings=\"{&quot;jet_parallax_layout_list&quot;:[]}\">\n\t\t\t\t<div class=\"elementor-element elementor-element-d3b1bfd elementor-widget elementor-widget-image\" data-id=\"d3b1bfd\" data-element_type=\"widget\" data-e-type=\"widget\" data-widget_type=\"image.default\">\n\t\t\t\t\t\t\t\t\t\t\t\t\t\t\t<img loading=\"lazy\" decoding=\"async\" width=\"640\" height=\"640\" src=\"https:\/\/corpoeducacion.org.co\/pensar\/wp-content\/uploads\/2025\/09\/webinar.gif\" class=\"attachment-large size-large wp-image-316\" alt=\"\" \/>\t\t\t\t\t\t\t\t\t\t\t\t\t\t\t<\/div>\n\t\t\t\t<div class=\"elementor-element elementor-element-ba8b664 elementor-widget elementor-widget-heading\" data-id=\"ba8b664\" data-element_type=\"widget\" data-e-type=\"widget\" data-widget_type=\"heading.default\">\n\t\t\t\t\t<h2 class=\"elementor-heading-title elementor-size-default\">02<\/h2>\t\t\t\t<\/div>\n\t\t<div class=\"elementor-element elementor-element-a5bee44 e-con-full e-flex e-con e-child\" data-id=\"a5bee44\" data-element_type=\"container\" data-e-type=\"container\" data-settings=\"{&quot;jet_parallax_layout_list&quot;:[]}\">\n\t\t\t\t<div class=\"elementor-element elementor-element-7e7721d elementor-widget elementor-widget-heading\" data-id=\"7e7721d\" data-element_type=\"widget\" data-e-type=\"widget\" data-widget_type=\"heading.default\">\n\t\t\t\t\t<h3 class=\"elementor-heading-title elementor-size-default\">Acompa\u00f1amiento virtual<\/h3>\t\t\t\t<\/div>\n\t\t\t\t<\/div>\n\t\t\t\t<div class=\"elementor-element elementor-element-033bd61 elementor-widget elementor-widget-text-editor\" data-id=\"033bd61\" data-element_type=\"widget\" data-e-type=\"widget\" data-widget_type=\"text-editor.default\">\n\t\t\t\t\t\t\t\t\t<p>Acompa\u00f1amos a los y las docentes y conformamos comunidades de aprendizaje mediante plataformas virtuales y\/o telef\u00f3nicas.<\/p>\t\t\t\t\t\t\t\t<\/div>\n\t\t\t\t<\/div>\n\t\t\t\t\t<\/div>\n\t\t\t\t<\/div>\n\t\t\t\t<\/div>\n\t\t","protected":false},"excerpt":{"rendered":"<p>Sobre el Modelo Pensar\u00ae es una propuesta pedag\u00f3gica innovadora, que se fundamenta en el constructivismo, en el Aprendizaje Basado en Problemas y en la Pedagog\u00eda de la Pregunta, por esta raz\u00f3n los y las estudiantes disfrutan de su proceso educativo a la vez que aprenden y se favorece su desarrollo integral y el desarrollo de [&hellip;]<\/p>\n","protected":false},"author":1,"featured_media":0,"parent":0,"menu_order":0,"comment_status":"closed","ping_status":"closed","template":"","meta":{"_monsterinsights_skip_tracking":false,"_monsterinsights_sitenote_active":false,"_monsterinsights_sitenote_note":"","_monsterinsights_sitenote_category":0,"footnotes":""},"class_list":["post-15","page","type-page","status-publish","hentry"],"aioseo_notices":[],"_links":{"self":[{"href":"https:\/\/corpoeducacion.org.co\/pensar\/wp-json\/wp\/v2\/pages\/15","targetHints":{"allow":["GET"]}}],"collection":[{"href":"https:\/\/corpoeducacion.org.co\/pensar\/wp-json\/wp\/v2\/pages"}],"about":[{"href":"https:\/\/corpoeducacion.org.co\/pensar\/wp-json\/wp\/v2\/types\/page"}],"author":[{"embeddable":true,"href":"https:\/\/corpoeducacion.org.co\/pensar\/wp-json\/wp\/v2\/users\/1"}],"replies":[{"embeddable":true,"href":"https:\/\/corpoeducacion.org.co\/pensar\/wp-json\/wp\/v2\/comments?post=15"}],"version-history":[{"count":165,"href":"https:\/\/corpoeducacion.org.co\/pensar\/wp-json\/wp\/v2\/pages\/15\/revisions"}],"predecessor-version":[{"id":704,"href":"https:\/\/corpoeducacion.org.co\/pensar\/wp-json\/wp\/v2\/pages\/15\/revisions\/704"}],"wp:attachment":[{"href":"https:\/\/corpoeducacion.org.co\/pensar\/wp-json\/wp\/v2\/media?parent=15"}],"curies":[{"name":"wp","href":"https:\/\/api.w.org\/{rel}","templated":true}]}}